{"id":183,"date":"2025-11-28T10:35:29","date_gmt":"2025-11-28T10:35:29","guid":{"rendered":"http:\/\/52.59.143.167\/?page_id=183"},"modified":"2026-01-26T22:13:56","modified_gmt":"2026-01-26T22:13:56","slug":"la-barca","status":"publish","type":"page","link":"https:\/\/www.vacanzeincatamarano.it\/de\/info\/la-barca\/","title":{"rendered":"Das Boot"},"content":{"rendered":"<figure class=\"wp-block-image size-full is-resized\"><img loading=\"lazy\" decoding=\"async\" width=\"600\" height=\"450\" src=\"http:\/\/vacanzeincatamarano.it\/wp-content\/uploads\/2025\/11\/DSC00147-2.jpg\" alt=\"\" class=\"wp-image-184\" style=\"width:461px;height:auto\" srcset=\"https:\/\/www.vacanzeincatamarano.it\/wp-content\/uploads\/2025\/11\/DSC00147-2.jpg 600w, https:\/\/www.vacanzeincatamarano.it\/wp-content\/uploads\/2025\/11\/DSC00147-2-300x225.jpg 300w, https:\/\/www.vacanzeincatamarano.it\/wp-content\/uploads\/2025\/11\/DSC00147-2-16x12.jpg 16w\" sizes=\"auto, (max-width: 600px) 100vw, 600px\" \/><\/figure>\n\n\n<p>Die Privilege 48 ist ein Katamaran, der dank seiner gro\u00dfz\u00fcgigen Abmessungen von 14,5 mal 8 Metern an Deck eine Fl\u00e4che von ganzen 120 Quadratmetern (qm) bietet. Diese Fl\u00e4che ist ideal zum Sonnenbaden, ausgestattet mit zahlreichen Kissen, sowie einem riesigen, gesch\u00fctzten Cockpit mit einem Tisch f\u00fcr 12 Personen, um angenehme Abende zu verbringen.\n\nUnter Deck befinden sich 5 Doppelkabinen, alle mit eigenem Bad, Warmwasser und Heizung. Des Weiteren gibt es eine Dinette mit einem zweiten Tisch f\u00fcr 12 Personen und eine Komb\u00fcse mit 2 K\u00fchlschr\u00e4nken und einem Backofen. All dies ist mit hervorragenden Oberfl\u00e4chen ausgestattet.\n\nUnter Segeln werden bei gutem Wind leicht \u00fcber 10 Knoten erreicht, ohne zu kr\u00e4ngen und in aller Sicherheit. Unter Motor liegt die Geschwindigkeit bei 8 bis 9 Knoten bei sehr geringem Verbrauch.<br>Der Katamaran ist ein Boot, das zur Entspannung und zur Meditation einl\u00e4dt. Im Folgenden wird das Ergebnis dieser langen kollektiven \u00dcberlegungen (oft unterst\u00fctzt durch den Sternenhimmel und das eine oder andere Glas guten Weins) aufgef\u00fchrt.<\/p>\n\n\n<figure class=\"wp-block-image size-full\"><img loading=\"lazy\" decoding=\"async\" width=\"712\" height=\"392\" src=\"http:\/\/vacanzeincatamarano.it\/wp-content\/uploads\/2025\/04\/03pianta.jpg\" alt=\"pianta-vacanze-in-catamarano\" class=\"wp-image-25\" srcset=\"https:\/\/www.vacanzeincatamarano.it\/wp-content\/uploads\/2025\/04\/03pianta.jpg 712w, https:\/\/www.vacanzeincatamarano.it\/wp-content\/uploads\/2025\/04\/03pianta-300x165.jpg 300w, https:\/\/www.vacanzeincatamarano.it\/wp-content\/uploads\/2025\/04\/03pianta-685x377.jpg 685w\" sizes=\"auto, (max-width: 712px) 100vw, 712px\" \/><\/figure>\n\n\n\n<p><strong>Dimensioni e dati tecnici<\/strong><\/p>\n\n\n\n<figure class=\"wp-block-table\"><table class=\"has-fixed-layout\"><tbody><tr><td><strong>Nome<br><\/strong>Bonaire<strong><br>Cantiere\/Modello<br><\/strong>Jeantot Marine\/Privilege 47<br><strong>Misure<br><\/strong>Lunghezza m. 14,5<br>Larghezza m. 8,05<br>Pescaggio m. 1,10<br>Dislocamento ton. 12<br><strong>Interni<\/strong><br>5 cabine doppie<br>5 bagni<br>5&nbsp;docce + 1 esterna&nbsp;<br>12 posti-letto<br><strong>Servizi<br><\/strong>1000 litri di acqua<br>240 litri di carburante<br>Cabina Marinaio<br>Cala vele<br>Batterie 660 AMP.<br>Voltaggi 12 &#8211; 220 V.<br>Generatore<\/td><td><strong>Attrezzature veliche<\/strong><br>Randa<br>Genoa<br>Spinnaker<br><strong>Motorizzazione<\/strong><br>40 hp x 2 Volvo Penta<br>Velocit\u00e0: 8 nodi in crociera<br>Consumo: 8 litri\/ora (gasolio)<br>Serbatoi: 2 x 120 litri<br><strong>Comodit\u00e0<\/strong><br>Acqua calda<br>Riscaldamento<br>Tendalino 30 mq<br>Windsurf 3,3 mt. &#8211; 4mq<br>Canoa<br>Tender 3,5 mt 15cv<br>Cucina 4 fuochi + forno<br>2 frigo<br><strong>Strumentazioni<br><\/strong>GPS, VHF, Radar<br>Pilota automatico&nbsp;Autohelm 6000<br>Salpaancore elettrico telec.<\/td><\/tr><tr><td colspan=\"2\"><strong>Altro equipaggiamento e accessori<\/strong><br>Log, Vento , Eco, Plotter, Telefono, Fax,&nbsp; Inverter, Raddrizzatore, , Timone a ruota, Stereo-CD, TV Color, Tavolo esterno, Passerella, Cappottina, Biminitop, Cuscini prendisole, snorkeling, pesca, sci nautico<\/td><\/tr><\/tbody><\/table><\/figure>\n\n\n\n<div class=\"wp-block-jetpack-tiled-gallery aligncenter is-style-rectangular\"><div class=\"\"><div class=\"tiled-gallery__gallery\"><div class=\"tiled-gallery__row\"><div class=\"tiled-gallery__col\" style=\"flex-basis:63.45113%\"><figure class=\"tiled-gallery__item\"><a href=\"http:\/\/vacanzeincatamarano.it\/galleria\/05interni\/\"><img decoding=\"async\" srcset=\"https:\/\/i0.wp.com\/vacanzeincatamarano.it\/wp-content\/uploads\/2025\/11\/05interni.jpg?strip=info&#038;w=325 325w\" alt=\"interni-vacanze-in-catamarano\" data-height=\"324\" data-id=\"117\" data-link=\"http:\/\/vacanzeincatamarano.it\/galleria\/05interni\/\" data-url=\"http:\/\/vacanzeincatamarano.it\/wp-content\/uploads\/2025\/11\/05interni.jpg\" data-width=\"325\" src=\"https:\/\/i0.wp.com\/vacanzeincatamarano.it\/wp-content\/uploads\/2025\/11\/05interni.jpg\" data-amp-layout=\"responsive\"\/><\/a><\/figure><\/div><div class=\"tiled-gallery__col\" style=\"flex-basis:36.54887%\"><figure class=\"tiled-gallery__item\"><a href=\"http:\/\/vacanzeincatamarano.it\/galleria\/05lesterno\/\"><img decoding=\"async\" srcset=\"https:\/\/i0.wp.com\/vacanzeincatamarano.it\/wp-content\/uploads\/2025\/11\/05lesterno.jpg?strip=info&#038;w=315 315w\" alt=\"esterno-vacanze-in-catamarano\" data-height=\"315\" data-id=\"118\" data-link=\"http:\/\/vacanzeincatamarano.it\/galleria\/05lesterno\/\" data-url=\"http:\/\/vacanzeincatamarano.it\/wp-content\/uploads\/2025\/11\/05lesterno.jpg\" data-width=\"315\" src=\"https:\/\/i0.wp.com\/vacanzeincatamarano.it\/wp-content\/uploads\/2025\/11\/05lesterno.jpg\" data-amp-layout=\"responsive\"\/><\/a><\/figure><figure class=\"tiled-gallery__item\"><a href=\"http:\/\/vacanzeincatamarano.it\/galleria\/07bagno\/\"><img decoding=\"async\" srcset=\"https:\/\/i0.wp.com\/vacanzeincatamarano.it\/wp-content\/uploads\/2025\/11\/07bagno.jpg?strip=info&#038;w=280 280w\" alt=\"bagno-vacanze-in-catamarano\" data-height=\"202\" data-id=\"120\" data-link=\"http:\/\/vacanzeincatamarano.it\/galleria\/07bagno\/\" data-url=\"http:\/\/vacanzeincatamarano.it\/wp-content\/uploads\/2025\/11\/07bagno.jpg\" data-width=\"280\" src=\"https:\/\/i0.wp.com\/vacanzeincatamarano.it\/wp-content\/uploads\/2025\/11\/07bagno.jpg\" data-amp-layout=\"responsive\"\/><\/a><\/figure><\/div><\/div><div class=\"tiled-gallery__row\"><div class=\"tiled-gallery__col\" style=\"flex-basis:49.14044%\"><figure class=\"tiled-gallery__item\"><a href=\"http:\/\/vacanzeincatamarano.it\/galleria\/04dinette\/\"><img decoding=\"async\" srcset=\"https:\/\/i0.wp.com\/vacanzeincatamarano.it\/wp-content\/uploads\/2025\/11\/04dinette.jpg?strip=info&#038;w=482 482w\" alt=\"dinette-vacanze-in-catamarano\" data-height=\"361\" data-id=\"116\" data-link=\"http:\/\/vacanzeincatamarano.it\/galleria\/04dinette\/\" data-url=\"http:\/\/vacanzeincatamarano.it\/wp-content\/uploads\/2025\/11\/04dinette.jpg\" data-width=\"482\" src=\"https:\/\/i0.wp.com\/vacanzeincatamarano.it\/wp-content\/uploads\/2025\/11\/04dinette.jpg\" data-amp-layout=\"responsive\"\/><\/a><\/figure><\/div><div class=\"tiled-gallery__col\" style=\"flex-basis:50.85956%\"><figure class=\"tiled-gallery__item\"><a href=\"http:\/\/vacanzeincatamarano.it\/galleria\/06cabina\/\"><img decoding=\"async\" srcset=\"https:\/\/i0.wp.com\/vacanzeincatamarano.it\/wp-content\/uploads\/2025\/11\/06cabina.jpg?strip=info&#038;w=293 293w\" alt=\"letto-vacanze-in-catamarano\" data-height=\"212\" data-id=\"119\" data-link=\"http:\/\/vacanzeincatamarano.it\/galleria\/06cabina\/\" data-url=\"http:\/\/vacanzeincatamarano.it\/wp-content\/uploads\/2025\/11\/06cabina.jpg\" data-width=\"293\" src=\"https:\/\/i0.wp.com\/vacanzeincatamarano.it\/wp-content\/uploads\/2025\/11\/06cabina.jpg\" data-amp-layout=\"responsive\"\/><\/a><\/figure><\/div><\/div><\/div><\/div><\/div>","protected":false},"excerpt":{"rendered":"<p>Il&nbsp; Privilege 48 \u00e8 un catamarano che grazie alle sue generose dimensioni 14,5 x 8 offre sovraccoperta un ponte di ben 120 mq, ideale per i bagni di sole, con numerosi cuscini, ed un enorme pozzetto riparato con tavolo per 12 persone dove passare piacevoli serate. Sottocoperta 5 cabine matrimoniali tutte con bagno privato acqua &hellip; <a href=\"https:\/\/www.vacanzeincatamarano.it\/de\/info\/la-barca\/\" class=\"more-link\"><span class=\"screen-reader-text\">Das Boot<\/span> weiterlesen<\/a><\/p>","protected":false},"author":1,"featured_media":0,"parent":13,"menu_order":0,"comment_status":"closed","ping_status":"closed","template":"","meta":{"footnotes":""},"class_list":["post-183","page","type-page","status-publish","hentry"],"yoast_head":"<!-- This site is optimized with the Yoast SEO plugin v27.3 - https:\/\/yoast.com\/product\/yoast-seo-wordpress\/ -->\n<title>La Barca - Vacanze in catamarano<\/title>\n<meta name=\"robots\" content=\"index, follow, max-snippet:-1, max-image-preview:large, max-video-preview:-1\" \/>\n<link rel=\"canonical\" href=\"https:\/\/www.vacanzeincatamarano.it\/de\/info\/la-barca\/\" \/>\n<meta property=\"og:locale\" content=\"de_DE\" \/>\n<meta property=\"og:type\" content=\"article\" \/>\n<meta property=\"og:title\" content=\"La Barca - Vacanze in catamarano\" \/>\n<meta property=\"og:description\" content=\"Il&nbsp; Privilege 48 \u00e8 un catamarano che grazie alle sue generose dimensioni 14,5 x 8 offre sovraccoperta un ponte di ben 120 mq, ideale per i bagni di sole, con numerosi cuscini, ed un enorme pozzetto riparato con tavolo per 12 persone dove passare piacevoli serate. Sottocoperta 5 cabine matrimoniali tutte con bagno privato acqua &hellip; La Barca weiterlesen\" \/>\n<meta property=\"og:url\" content=\"https:\/\/www.vacanzeincatamarano.it\/de\/info\/la-barca\/\" \/>\n<meta property=\"og:site_name\" content=\"Vacanze in catamarano\" \/>\n<meta property=\"article:modified_time\" content=\"2026-01-26T22:13:56+00:00\" \/>\n<meta property=\"og:image\" content=\"http:\/\/vacanzeincatamarano.it\/wp-content\/uploads\/2025\/11\/DSC00147-2.jpg\" \/>\n<meta name=\"twitter:card\" content=\"summary_large_image\" \/>\n<meta name=\"twitter:label1\" content=\"Gesch\u00e4tzte Lesezeit\" \/>\n\t<meta name=\"twitter:data1\" content=\"1\u00a0Minute\" \/>\n<script type=\"application\/ld+json\" class=\"yoast-schema-graph\">{\"@context\":\"https:\\\/\\\/schema.org\",\"@graph\":[{\"@type\":\"WebPage\",\"@id\":\"https:\\\/\\\/www.vacanzeincatamarano.it\\\/de\\\/info\\\/la-barca\\\/\",\"url\":\"https:\\\/\\\/www.vacanzeincatamarano.it\\\/de\\\/info\\\/la-barca\\\/\",\"name\":\"La Barca - Vacanze in catamarano\",\"isPartOf\":{\"@id\":\"https:\\\/\\\/www.vacanzeincatamarano.it\\\/de\\\/#website\"},\"primaryImageOfPage\":{\"@id\":\"https:\\\/\\\/www.vacanzeincatamarano.it\\\/de\\\/info\\\/la-barca\\\/#primaryimage\"},\"image\":{\"@id\":\"https:\\\/\\\/www.vacanzeincatamarano.it\\\/de\\\/info\\\/la-barca\\\/#primaryimage\"},\"thumbnailUrl\":\"http:\\\/\\\/vacanzeincatamarano.it\\\/wp-content\\\/uploads\\\/2025\\\/11\\\/DSC00147-2.jpg\",\"datePublished\":\"2025-11-28T10:35:29+00:00\",\"dateModified\":\"2026-01-26T22:13:56+00:00\",\"breadcrumb\":{\"@id\":\"https:\\\/\\\/www.vacanzeincatamarano.it\\\/de\\\/info\\\/la-barca\\\/#breadcrumb\"},\"inLanguage\":\"de\",\"potentialAction\":[{\"@type\":\"ReadAction\",\"target\":[\"https:\\\/\\\/www.vacanzeincatamarano.it\\\/de\\\/info\\\/la-barca\\\/\"]}]},{\"@type\":\"ImageObject\",\"inLanguage\":\"de\",\"@id\":\"https:\\\/\\\/www.vacanzeincatamarano.it\\\/de\\\/info\\\/la-barca\\\/#primaryimage\",\"url\":\"http:\\\/\\\/vacanzeincatamarano.it\\\/wp-content\\\/uploads\\\/2025\\\/11\\\/DSC00147-2.jpg\",\"contentUrl\":\"http:\\\/\\\/vacanzeincatamarano.it\\\/wp-content\\\/uploads\\\/2025\\\/11\\\/DSC00147-2.jpg\"},{\"@type\":\"BreadcrumbList\",\"@id\":\"https:\\\/\\\/www.vacanzeincatamarano.it\\\/de\\\/info\\\/la-barca\\\/#breadcrumb\",\"itemListElement\":[{\"@type\":\"ListItem\",\"position\":1,\"name\":\"Home\",\"item\":\"https:\\\/\\\/www.vacanzeincatamarano.it\\\/\"},{\"@type\":\"ListItem\",\"position\":2,\"name\":\"Informazioni\",\"item\":\"https:\\\/\\\/www.vacanzeincatamarano.it\\\/info\\\/\"},{\"@type\":\"ListItem\",\"position\":3,\"name\":\"La Barca\"}]},{\"@type\":\"WebSite\",\"@id\":\"https:\\\/\\\/www.vacanzeincatamarano.it\\\/de\\\/#website\",\"url\":\"https:\\\/\\\/www.vacanzeincatamarano.it\\\/de\\\/\",\"name\":\"Vacanze in catamarano\",\"description\":\"\",\"publisher\":{\"@id\":\"https:\\\/\\\/www.vacanzeincatamarano.it\\\/de\\\/#organization\"},\"potentialAction\":[{\"@type\":\"SearchAction\",\"target\":{\"@type\":\"EntryPoint\",\"urlTemplate\":\"https:\\\/\\\/www.vacanzeincatamarano.it\\\/de\\\/?s={search_term_string}\"},\"query-input\":{\"@type\":\"PropertyValueSpecification\",\"valueRequired\":true,\"valueName\":\"search_term_string\"}}],\"inLanguage\":\"de\"},{\"@type\":\"Organization\",\"@id\":\"https:\\\/\\\/www.vacanzeincatamarano.it\\\/de\\\/#organization\",\"name\":\"Vacanze in catamarano\",\"url\":\"https:\\\/\\\/www.vacanzeincatamarano.it\\\/de\\\/\",\"logo\":{\"@type\":\"ImageObject\",\"inLanguage\":\"de\",\"@id\":\"https:\\\/\\\/www.vacanzeincatamarano.it\\\/de\\\/#\\\/schema\\\/logo\\\/image\\\/\",\"url\":\"https:\\\/\\\/www.vacanzeincatamarano.it\\\/wp-content\\\/uploads\\\/2025\\\/04\\\/cropped-file_00000000c68c6246bf118349145f90c9_conversation_id67fcda06-c134-8003-a996-97e401762c94message_idac7cbb2a-1640-4af0-a54c-bc8359d5eb93.png\",\"contentUrl\":\"https:\\\/\\\/www.vacanzeincatamarano.it\\\/wp-content\\\/uploads\\\/2025\\\/04\\\/cropped-file_00000000c68c6246bf118349145f90c9_conversation_id67fcda06-c134-8003-a996-97e401762c94message_idac7cbb2a-1640-4af0-a54c-bc8359d5eb93.png\",\"width\":512,\"height\":512,\"caption\":\"Vacanze in catamarano\"},\"image\":{\"@id\":\"https:\\\/\\\/www.vacanzeincatamarano.it\\\/de\\\/#\\\/schema\\\/logo\\\/image\\\/\"}}]}<\/script>\n<!-- \/ Yoast SEO plugin. -->","yoast_head_json":{"title":"La Barca - Vacanze in catamarano","robots":{"index":"index","follow":"follow","max-snippet":"max-snippet:-1","max-image-preview":"max-image-preview:large","max-video-preview":"max-video-preview:-1"},"canonical":"https:\/\/www.vacanzeincatamarano.it\/de\/info\/la-barca\/","og_locale":"de_DE","og_type":"article","og_title":"La Barca - Vacanze in catamarano","og_description":"Il&nbsp; Privilege 48 \u00e8 un catamarano che grazie alle sue generose dimensioni 14,5 x 8 offre sovraccoperta un ponte di ben 120 mq, ideale per i bagni di sole, con numerosi cuscini, ed un enorme pozzetto riparato con tavolo per 12 persone dove passare piacevoli serate. Sottocoperta 5 cabine matrimoniali tutte con bagno privato acqua &hellip; La Barca weiterlesen","og_url":"https:\/\/www.vacanzeincatamarano.it\/de\/info\/la-barca\/","og_site_name":"Vacanze in catamarano","article_modified_time":"2026-01-26T22:13:56+00:00","og_image":[{"url":"http:\/\/vacanzeincatamarano.it\/wp-content\/uploads\/2025\/11\/DSC00147-2.jpg","type":"","width":"","height":""}],"twitter_card":"summary_large_image","twitter_misc":{"Gesch\u00e4tzte Lesezeit":"1\u00a0Minute"},"schema":{"@context":"https:\/\/schema.org","@graph":[{"@type":"WebPage","@id":"https:\/\/www.vacanzeincatamarano.it\/de\/info\/la-barca\/","url":"https:\/\/www.vacanzeincatamarano.it\/de\/info\/la-barca\/","name":"La Barca - Vacanze in catamarano","isPartOf":{"@id":"https:\/\/www.vacanzeincatamarano.it\/de\/#website"},"primaryImageOfPage":{"@id":"https:\/\/www.vacanzeincatamarano.it\/de\/info\/la-barca\/#primaryimage"},"image":{"@id":"https:\/\/www.vacanzeincatamarano.it\/de\/info\/la-barca\/#primaryimage"},"thumbnailUrl":"http:\/\/vacanzeincatamarano.it\/wp-content\/uploads\/2025\/11\/DSC00147-2.jpg","datePublished":"2025-11-28T10:35:29+00:00","dateModified":"2026-01-26T22:13:56+00:00","breadcrumb":{"@id":"https:\/\/www.vacanzeincatamarano.it\/de\/info\/la-barca\/#breadcrumb"},"inLanguage":"de","potentialAction":[{"@type":"ReadAction","target":["https:\/\/www.vacanzeincatamarano.it\/de\/info\/la-barca\/"]}]},{"@type":"ImageObject","inLanguage":"de","@id":"https:\/\/www.vacanzeincatamarano.it\/de\/info\/la-barca\/#primaryimage","url":"http:\/\/vacanzeincatamarano.it\/wp-content\/uploads\/2025\/11\/DSC00147-2.jpg","contentUrl":"http:\/\/vacanzeincatamarano.it\/wp-content\/uploads\/2025\/11\/DSC00147-2.jpg"},{"@type":"BreadcrumbList","@id":"https:\/\/www.vacanzeincatamarano.it\/de\/info\/la-barca\/#breadcrumb","itemListElement":[{"@type":"ListItem","position":1,"name":"Home","item":"https:\/\/www.vacanzeincatamarano.it\/"},{"@type":"ListItem","position":2,"name":"Informazioni","item":"https:\/\/www.vacanzeincatamarano.it\/info\/"},{"@type":"ListItem","position":3,"name":"La Barca"}]},{"@type":"WebSite","@id":"https:\/\/www.vacanzeincatamarano.it\/de\/#website","url":"https:\/\/www.vacanzeincatamarano.it\/de\/","name":"Katamaran Urlaub","description":"","publisher":{"@id":"https:\/\/www.vacanzeincatamarano.it\/de\/#organization"},"potentialAction":[{"@type":"SearchAction","target":{"@type":"EntryPoint","urlTemplate":"https:\/\/www.vacanzeincatamarano.it\/de\/?s={search_term_string}"},"query-input":{"@type":"PropertyValueSpecification","valueRequired":true,"valueName":"search_term_string"}}],"inLanguage":"de"},{"@type":"Organization","@id":"https:\/\/www.vacanzeincatamarano.it\/de\/#organization","name":"Katamaran Urlaub","url":"https:\/\/www.vacanzeincatamarano.it\/de\/","logo":{"@type":"ImageObject","inLanguage":"de","@id":"https:\/\/www.vacanzeincatamarano.it\/de\/#\/schema\/logo\/image\/","url":"https:\/\/www.vacanzeincatamarano.it\/wp-content\/uploads\/2025\/04\/cropped-file_00000000c68c6246bf118349145f90c9_conversation_id67fcda06-c134-8003-a996-97e401762c94message_idac7cbb2a-1640-4af0-a54c-bc8359d5eb93.png","contentUrl":"https:\/\/www.vacanzeincatamarano.it\/wp-content\/uploads\/2025\/04\/cropped-file_00000000c68c6246bf118349145f90c9_conversation_id67fcda06-c134-8003-a996-97e401762c94message_idac7cbb2a-1640-4af0-a54c-bc8359d5eb93.png","width":512,"height":512,"caption":"Vacanze in catamarano"},"image":{"@id":"https:\/\/www.vacanzeincatamarano.it\/de\/#\/schema\/logo\/image\/"}}]}},"jetpack_sharing_enabled":true,"_links":{"self":[{"href":"https:\/\/www.vacanzeincatamarano.it\/de\/wp-json\/wp\/v2\/pages\/183","targetHints":{"allow":["GET"]}}],"collection":[{"href":"https:\/\/www.vacanzeincatamarano.it\/de\/wp-json\/wp\/v2\/pages"}],"about":[{"href":"https:\/\/www.vacanzeincatamarano.it\/de\/wp-json\/wp\/v2\/types\/page"}],"author":[{"embeddable":true,"href":"https:\/\/www.vacanzeincatamarano.it\/de\/wp-json\/wp\/v2\/users\/1"}],"replies":[{"embeddable":true,"href":"https:\/\/www.vacanzeincatamarano.it\/de\/wp-json\/wp\/v2\/comments?post=183"}],"version-history":[{"count":8,"href":"https:\/\/www.vacanzeincatamarano.it\/de\/wp-json\/wp\/v2\/pages\/183\/revisions"}],"predecessor-version":[{"id":345,"href":"https:\/\/www.vacanzeincatamarano.it\/de\/wp-json\/wp\/v2\/pages\/183\/revisions\/345"}],"up":[{"embeddable":true,"href":"https:\/\/www.vacanzeincatamarano.it\/de\/wp-json\/wp\/v2\/pages\/13"}],"wp:attachment":[{"href":"https:\/\/www.vacanzeincatamarano.it\/de\/wp-json\/wp\/v2\/media?parent=183"}],"curies":[{"name":"wp","href":"https:\/\/api.w.org\/{rel}","templated":true}]}}